{"id":6724,"date":"2024-09-05T10:57:24","date_gmt":"2024-09-05T08:57:24","guid":{"rendered":"https:\/\/fanjyda.com\/?post_type=tribe_events&#038;p=6724"},"modified":"2024-11-06T13:13:07","modified_gmt":"2024-11-06T12:13:07","slug":"copa-de-espana-cadete-trofeo-colombino-2024","status":"publish","type":"tribe_events","link":"https:\/\/www.fanjyda.es\/?tribe_events=copa-de-espana-cadete-trofeo-colombino-2024","title":{"rendered":"COPA DE ESPA\u00d1A CADETE &#8211; TROFEO COLOMBINO 2024"},"content":{"rendered":"<div style=\"width: 90%; max-width: 1200px; margin: 0 auto; padding: 20px; background-color: #fff; box-shadow: 0 2px 10px rgba(0, 0, 0, 0.1);\">\n<header style=\"text-align: center; margin-bottom: 40px;\">\n<h1 style=\"font-family: 'Playfair Display', serif; font-size: 2.5em; color: #2c3e50; margin: 0;\">Detalles de la Competici\u00f3n<\/h1>\n<\/header>\n<p><!-- Secci\u00f3n de Organiza --><\/p>\n<section style=\"margin-bottom: 40px;\">\n<h2 style=\"font-family: 'Playfair Display', serif; font-size: 2em; color: #27ae60; margin-bottom: 20px;\">1. Organiza<\/h2>\n<p style=\"margin-bottom: 10px;\"><strong>Federaci\u00f3n Andaluza de Judo<br \/>\n<\/strong>Avda. Ana de Viya n\u00ba 9, 11009 C\u00e1diz (Espa\u00f1a)<br \/>\nTel.: +34 956 079 891; +34 652 807 271<\/p>\n<p style=\"margin-bottom: 10px;\">Email: <a style=\"color: #27ae60; text-decoration: none;\" href=\"mailto:administracion@fanjyda.com\">administracion@fanjyda.com<\/a><\/p>\n<\/section>\n<p><span style=\"color: #27ae60; font-family: 'Playfair Display', serif; font-size: 2em;\">2. Colaboradores<\/span><\/p>\n<section style=\"margin-bottom: 40px;\">\n<ul style=\"padding-left: 20px;\">\n<li>Excmo. Ayuntamiento de Palos de la Frontera<\/li>\n<li>Consejer\u00eda de Educaci\u00f3n Cultura y Deporte de Junta de Andaluc\u00eda<\/li>\n<li>Real Federaci\u00f3n Espa\u00f1ola de Judo y D.A.<\/li>\n<\/ul>\n<\/section>\n<section style=\"margin-bottom: 40px;\">\n<h2 style=\"font-family: 'Playfair Display', serif; font-size: 2em; color: #27ae60; margin-bottom: 20px;\">3. Direcci\u00f3n T\u00e9cnica<\/h2>\n<p><strong>Director Deportivo:<\/strong> Mois\u00e9s Mayi Ortiz<br \/>\n<strong>Responsable de Arbitraje:<\/strong> Miguel Padial Cantos<br \/>\n<strong>Delegado Provincial:<\/strong> Manuel Sebasti\u00e1n Alvarado Mac\u00edas<\/p>\n<\/section>\n<section style=\"margin-bottom: 40px;\">\n<h2 style=\"font-family: 'Playfair Display', serif; font-size: 2em; color: #27ae60; margin-bottom: 20px;\">4. Fechas<\/h2>\n<p><strong>9 de noviembre de 2024<\/strong><\/p>\n<\/section>\n<section style=\"margin-bottom: 40px;\">\n<h2 style=\"font-family: 'Playfair Display', serif; font-size: 2em; color: #27ae60; margin-bottom: 20px;\">5. Lugar de la Competici\u00f3n<\/h2>\n<p>Complejo deportivo, pabell\u00f3n Plus Ultra, Avda. Bayona Real s\/n 21810. Palos de la Frontera (Huelva)<\/p>\n<\/section>\n<section style=\"margin-bottom: 40px;\">\n<h2 style=\"font-family: 'Playfair Display', serif; font-size: 2em; color: #27ae60; margin-bottom: 20px;\">6. Sistema de Competici\u00f3n<\/h2>\n<p><strong>Categor\u00eda:<\/strong> Cadetes masculino y femenino.<br \/>\n<strong>Edades:<\/strong> Nacidos en 2008, 2009 y 2010.<\/p>\n<p><strong>Formato:<\/strong><\/p>\n<ul style=\"padding-left: 20px;\">\n<li>2 participantes: mejor de 3 combates.<\/li>\n<li>De 3 a 4 participantes: Round Robin (liga todos contra todos).<\/li>\n<li>5 participantes: Liga cruzada (3+2), final y 3\u00ba puesto.<\/li>\n<li>6 o m\u00e1s participantes: Eliminatoria con repesca doble cruzada con el GOLDEN SCORE.<\/li>\n<\/ul>\n<p><strong>N\u00famero de Tatamis:<\/strong> 4.<br \/>\n<strong>Cadete masculino:<\/strong> -50, -55, -60, -66, -73, -81, -90 y +90 Kg.<br \/>\n<strong>Cadete femenino:<\/strong> -40, -44, -48, -52, -57, -63, -70 y +70 Kg.<br \/>\n<strong>Combates:<\/strong> 4 minutos.<\/p>\n<\/section>\n<section style=\"margin-bottom: 40px;\">\n<h2 style=\"font-family: 'Playfair Display', serif; font-size: 2em; color: #27ae60; margin-bottom: 20px;\">7. Pesaje<\/h2>\n<p>En el pesaje no se puede realizar cambios de peso. El deportista que no d\u00e9 el peso quedar\u00e1 excluido de la competici\u00f3n.<br \/>\nTodos los deportistas deber\u00e1n dar el peso en ropa interior (las mujeres ropa interior y camiseta), con un margen de 200 g.<\/p>\n<\/section>\n<section style=\"margin-bottom: 40px;\">\n<h2 style=\"font-family: 'Playfair Display', serif; font-size: 2em; color: #27ae60; margin-bottom: 20px;\">8. Judogi<\/h2>\n<p>Judogi blanco y azul son obligatorios.<\/p>\n<\/section>\n<section style=\"margin-bottom: 40px;\">\n<h2 style=\"font-family: 'Playfair Display', serif; font-size: 2em; color: #27ae60; margin-bottom: 20px;\">9. Programaci\u00f3n<\/h2>\n<p><strong>Viernes 8 de noviembre:<\/strong><\/p>\n<ul style=\"padding-left: 20px;\">\n<li>Acreditaciones en el Complejo deportivo, pabell\u00f3n Plus Ultra de 17.00 a 19.00 horas.<\/li>\n<li>Pesaje no oficial de 17.00 a 18.00 horas.<\/li>\n<li>Pesaje oficial de 18.00 a 19.00 horas.<\/li>\n<\/ul>\n<p><strong>S\u00e1bado 9 de noviembre:<\/strong> Eliminatorias y repescas a las 09.00 horas.<\/p>\n<\/section>\n<section style=\"margin-bottom: 40px;\">\n<h2 style=\"font-family: 'Playfair Display', serif; font-size: 2em; color: #27ae60; margin-bottom: 20px;\">10. Inscripciones y Cuotas<\/h2>\n<p>Las inscripciones se realizar\u00e1n en este enlace: <a style=\"color: #27ae60; text-decoration: none;\" href=\"https:\/\/forms.gle\/wX52dcGhKW4N24q89\">https:\/\/forms.gle\/wX52dcGhKW4N24q89<\/a><\/p>\n<ul style=\"padding-left: 20px;\">\n<li>15\u20ac por deportista \u2013 inscritos hasta el 25 de octubre a las 23:59 horas.<\/li>\n<li>20\u20ac por deportista \u2013 inscritos hasta el 1 de noviembre a las 23:59 horas.<\/li>\n<li>55\u20ac por deportista \u2013 inscritos entre el 2 y el 4 de noviembre a las 15:00 horas.<\/li>\n<\/ul>\n<\/section>\n<section style=\"margin-bottom: 40px;\">\n<h2 style=\"font-family: 'Playfair Display', serif; font-size: 2em; color: #27ae60; margin-bottom: 20px;\">11. Documentaci\u00f3n<\/h2>\n<ul style=\"padding-left: 20px;\">\n<li>Visto bueno federativo que autoriza su participaci\u00f3n y certifica la posesi\u00f3n de la licencia nacional en vigor.<\/li>\n<li>Los t\u00e9cnicos deber\u00e1n estar debidamente titulados y colegiados.<\/li>\n<li>Carnet de grado m\u00ednimo az\u00fal.<\/li>\n<li>Licencia federativa en vigor 2024\/2025.<\/li>\n<li>Fotocopia del D.N.I. o pasaporte.<\/li>\n<li>Autorizaci\u00f3n paterna.<\/li>\n<\/ul>\n<\/section>\n<section style=\"margin-bottom: 40px;\">\n<h2 style=\"font-family: 'Playfair Display', serif; font-size: 2em; color: #27ae60; margin-bottom: 20px;\">12. Sorteos<\/h2>\n<p>Las listas se publicar\u00e1n provisionalmente el lunes anterior al inicio de la competici\u00f3n (14 de octubre de 2024). Se podr\u00e1n solicitar cambios de peso hasta las 15:00 horas del jueves 17 de octubre. El sorteo se realizar\u00e1 tras el pesaje.<\/p>\n<\/section>\n<section style=\"margin-bottom: 40px;\">\n<h2 style=\"font-family: 'Playfair Display', serif; font-size: 2em; color: #e74c3c; margin-bottom: 20px;\">13. Nota Importante<\/h2>\n<p>Todos los participantes, entrenadores o tutores aceptan las normas de esta competici\u00f3n con el env\u00edo de su inscripci\u00f3n.<br \/>\nAquellos deportistas que sufran patolog\u00edas deben notificarlo por escrito a la FANJYDA para una mejor actuaci\u00f3n de los servicios m\u00e9dicos de la competici\u00f3n.<\/p>\n<\/section>\n<p><!-- C\u00f3digo de Conducta para Entrenadores --><\/p>\n<section style=\"margin-bottom: 40px;\">\n<h2 style=\"font-family: 'Playfair Display', serif; font-size: 2em; color: #27ae60; margin-bottom: 20px;\">14. C\u00f3digo de Conducta para Entrenadores<\/h2>\n<p>El entrenador es responsable de la conducta de sus deportistas. Durante el combate se comunicar\u00e1 \u00fanicamente con su atleta en los mates.<br \/>\n<strong>Comportamiento de Entrenadores:<\/strong> M\u00e1ximo respeto evitando cualquier comentario de cr\u00edtica a las decisiones arbitrales. Evitar gestos despectivos hacia \u00e1rbitros, organizaci\u00f3n o p\u00fablico.<br \/>\nEl incumplimiento de estas reglas conlleva la descalificaci\u00f3n.<\/p>\n<hr \/>\n<p>ADJUNTOS<\/p>\n<p><a href=\"https:\/\/www.fanjyda.es\/wp-content\/uploads\/2024\/09\/AUTORIZACION-COPA-DE-ESPANA-CADETE-TROFEO-COLOMBINO-8-Y-9-NOV-2024-PALOS-DE-LA-FRONTERA-HUELVA-1.rtf\">AUTORIZACION COPA DE ESPANA CADETE TROFEO COLOMBINO 8 Y 9 NOV 2024 PALOS DE LA FRONTERA (HUELVA)<\/a><\/p>\n<\/section>\n<\/div>\n<p>&nbsp;<\/p>\n","protected":false},"excerpt":{"rendered":"<p>Detalles de la Competici\u00f3n 1. Organiza Federaci\u00f3n Andaluza de Judo Avda. Ana de Viya n\u00ba 9, 11009 C\u00e1diz (Espa\u00f1a) Tel.: +34 956 079 891; +34 652 807 271 Email: administracion@fanjyda.com [&hellip;]<\/p>\n","protected":false},"author":1,"featured_media":6726,"template":"","meta":{"_eb_attr":"","_tribe_events_status":"","_tribe_events_status_reason":"","footnotes":""},"tags":[],"tribe_events_cat":[12],"class_list":["post-6724","tribe_events","type-tribe_events","status-publish","has-post-thumbnail","hentry","tribe_events_cat-judo","cat_judo"],"_links":{"self":[{"href":"https:\/\/www.fanjyda.es\/index.php?rest_route=\/wp\/v2\/tribe_events\/6724","targetHints":{"allow":["GET"]}}],"collection":[{"href":"https:\/\/www.fanjyda.es\/index.php?rest_route=\/wp\/v2\/tribe_events"}],"about":[{"href":"https:\/\/www.fanjyda.es\/index.php?rest_route=\/wp\/v2\/types\/tribe_events"}],"author":[{"embeddable":true,"href":"https:\/\/www.fanjyda.es\/index.php?rest_route=\/wp\/v2\/users\/1"}],"version-history":[{"count":7,"href":"https:\/\/www.fanjyda.es\/index.php?rest_route=\/wp\/v2\/tribe_events\/6724\/revisions"}],"predecessor-version":[{"id":6895,"href":"https:\/\/www.fanjyda.es\/index.php?rest_route=\/wp\/v2\/tribe_events\/6724\/revisions\/6895"}],"wp:featuredmedia":[{"embeddable":true,"href":"https:\/\/www.fanjyda.es\/index.php?rest_route=\/wp\/v2\/media\/6726"}],"wp:attachment":[{"href":"https:\/\/www.fanjyda.es\/index.php?rest_route=%2Fwp%2Fv2%2Fmedia&parent=6724"}],"wp:term":[{"taxonomy":"post_tag","embeddable":true,"href":"https:\/\/www.fanjyda.es\/index.php?rest_route=%2Fwp%2Fv2%2Ftags&post=6724"},{"taxonomy":"tribe_events_cat","embeddable":true,"href":"https:\/\/www.fanjyda.es\/index.php?rest_route=%2Fwp%2Fv2%2Ftribe_events_cat&post=6724"}],"curies":[{"name":"wp","href":"https:\/\/api.w.org\/{rel}","templated":true}]}}