{"id":6840,"date":"2024-10-22T10:52:07","date_gmt":"2024-10-22T08:52:07","guid":{"rendered":"https:\/\/fanjyda.com\/?post_type=tribe_events&#038;p=6840"},"modified":"2024-10-22T10:54:43","modified_gmt":"2024-10-22T08:54:43","slug":"6840","status":"publish","type":"tribe_events","link":"https:\/\/www.fanjyda.es\/?tribe_events=6840","title":{"rendered":"AULA DE FORMACI\u00d3N PERMANENTE DE DEFENSA PERSONAL &#8211; HUELVA"},"content":{"rendered":"<p><!-- Contenedor principal --><\/p>\n<div style=\"width: 90%; max-width: 1200px; margin: 0 auto; padding: 20px; background-color: #fff; box-shadow: 0 2px 10px rgba(0, 0, 0, 0.1);\">\n<header style=\"text-align: center; margin-bottom: 40px;\">\n<h1 style=\"font-family: 'Playfair Display', serif; font-size: 2.5em; color: #2c3e50; margin: 0;\">AULA DE FORMACI\u00d3N PERMANENTE DE DEFENSA PERSONAL<\/h1>\n<h2 style=\"font-family: 'Playfair Display', serif; font-size: 1.8em; color: #27ae60; margin-top: 20px;\">Normativa para el pase de Grado por el Sistema de Cr\u00e9ditos Formativos<\/h2>\n<\/header>\n<section style=\"margin-bottom: 40px;\">\n<p style=\"margin-bottom: 20px;\">El departamento de Defensa Personal de la Federaci\u00f3n Andaluza de Judo, con el fin de promocionar esta actividad entre nuestros deportistas federados de cualquier deporte de los que se engloban en esta Federaci\u00f3n Andaluza, convocar\u00e1 durante esta temporada 2024-2025 estos cursos con tres objetivos.<\/p>\n<ul style=\"margin-bottom: 20px; padding-left: 20px;\">\n<li><strong>1.<\/strong> El primero es para los practicantes con grado de Defensa Personal, ellos podr\u00e1n pasar de grado mediante el sistema de cursos del AULA DE FORMACI\u00d3N PERMANENTE o preparar su examen.<\/li>\n<li><strong>2.<\/strong> El segundo es para los deportistas con grados verde o superior del resto de disciplinas, estos podr\u00e1n HOMOLOGAR el grado de defensa personal mediante estos cursos, obteniendo (una vez tramitado los costes) hasta Kyu Verde de Defensa Personal.<\/li>\n<li><strong>3.<\/strong> Para aquellos deportistas de cualquiera de nuestras disciplinas, que simplemente quieran ENTRENAR con el fin de estar al d\u00eda en cuanto a t\u00e9cnicas, defensa y destreza de las mismas.<\/li>\n<\/ul>\n<p style=\"margin-bottom: 20px;\">Para participar en estas actividades, ser\u00e1 necesario tener la licencia de Defensa Personal. Se realizar\u00e1n varios cursos repartidos a lo largo de la temporada, con una duraci\u00f3n de 3 horas cada uno.<\/p>\n<h2 style=\"font-family: 'Playfair Display', serif; font-size: 1.8em; color: #27ae60; margin-top: 20px;\">Tiempos de permanencia y cr\u00e9ditos m\u00ednimos a realizar:<\/h2>\n<table style=\"width: 100%; border-collapse: collapse; margin-bottom: 20px;\">\n<thead>\n<tr style=\"background-color: #f9f9f9;\">\n<th style=\"border: 1px solid #ddd; padding: 8px; text-align: center;\">Dan<\/th>\n<th style=\"border: 1px solid #ddd; padding: 8px; text-align: center;\">Tiempo m\u00ednimo de permanencia en grado anterior<\/th>\n<th style=\"border: 1px solid #ddd; padding: 8px; text-align: center;\">N\u00ba m\u00ednimo de cursos AFP a realizar<\/th>\n<th style=\"border: 1px solid #ddd; padding: 8px; text-align: center;\">Licencias<\/th>\n<\/tr>\n<\/thead>\n<tbody>\n<tr>\n<td style=\"border: 1px solid #ddd; padding: 8px; text-align: center;\">1\u00ba DAN<\/td>\n<td style=\"border: 1px solid #ddd; padding: 8px; text-align: center;\">1 A\u00d1O DE MARR\u00d3N<\/td>\n<td style=\"border: 1px solid #ddd; padding: 8px; text-align: center;\">6<\/td>\n<td style=\"border: 1px solid #ddd; padding: 8px; text-align: center;\">3 consecutivas \u00f3 5 alternas<\/td>\n<\/tr>\n<tr>\n<td style=\"border: 1px solid #ddd; padding: 8px; text-align: center;\">2\u00ba DAN<\/td>\n<td style=\"border: 1px solid #ddd; padding: 8px; text-align: center;\">2 A\u00d1OS DE 1\u00ba DAN<\/td>\n<td style=\"border: 1px solid #ddd; padding: 8px; text-align: center;\">8<\/td>\n<td style=\"border: 1px solid #ddd; padding: 8px; text-align: center;\">2 de 1\u00ba DAN<\/td>\n<\/tr>\n<tr>\n<td style=\"border: 1px solid #ddd; padding: 8px; text-align: center;\">3\u00ba DAN<\/td>\n<td style=\"border: 1px solid #ddd; padding: 8px; text-align: center;\">3 A\u00d1OS DE 2\u00ba DAN<\/td>\n<td style=\"border: 1px solid #ddd; padding: 8px; text-align: center;\">10<\/td>\n<td style=\"border: 1px solid #ddd; padding: 8px; text-align: center;\">3 de 2\u00ba DAN<\/td>\n<\/tr>\n<\/tbody>\n<\/table>\n<p style=\"color: #e74c3c; font-weight: bold; margin-bottom: 20px;\">Para llevar a cabo la convocatoria tiene que haber un m\u00ednimo de 10 alumnos inscritos en el plazo establecido y haber abonado la cuota de 20\u20ac por cada curso (sesi\u00f3n de tres horas).<\/p>\n<h2 style=\"font-family: 'Playfair Display', serif; font-size: 1.8em; color: #27ae60; margin-top: 20px;\">1. ORGANIZA<\/h2>\n<p style=\"margin-bottom: 20px;\">Federaci\u00f3n Andaluza de Judo<br \/>\nAvda. Ana de Viya n\u00ba 9. 11009 C\u00e1diz (Espa\u00f1a)<br \/>\nTel.: +34 956 079 891; +34 652 807 271<br \/>\nE-mail: <a style=\"color: #27ae60; text-decoration: none;\" href=\"mailto:administracion@fanjyda.com\">administracion@fanjyda.com<\/a><\/p>\n<h2 style=\"font-family: 'Playfair Display', serif; font-size: 1.8em; color: #27ae60; margin-top: 20px;\">2. COLABORADORES<\/h2>\n<p style=\"margin-bottom: 20px;\">Consejer\u00eda de Cultura y Deporte de Junta de Andaluc\u00eda.<br \/>\nClub de Judo Al-Andalus<\/p>\n<h2 style=\"font-family: 'Playfair Display', serif; font-size: 1.8em; color: #27ae60; margin-top: 20px;\">3. DIRECCI\u00d3N T\u00c9CNICA<\/h2>\n<p style=\"margin-bottom: 20px;\">Manuel Sebasti\u00e1n \u00c1lvaro Macias.<br \/>\nEncarnaci\u00f3n Cabrerizo Lorence.<br \/>\nFrancisco Mart\u00edn M\u00e1rquez.<\/p>\n<h2 style=\"font-family: 'Playfair Display', serif; font-size: 1.8em; color: #27ae60; margin-top: 20px;\">4. FECHA Y HORARIO<\/h2>\n<p style=\"margin-bottom: 20px;\">10 de noviembre de 2024 de 10.00 a 13.30 horas.<\/p>\n<h2 style=\"font-family: 'Playfair Display', serif; font-size: 1.8em; color: #27ae60; margin-top: 20px;\">5. LUGAR<\/h2>\n<p style=\"margin-bottom: 20px;\">Gimnasio Al-Andalus, C\/ Doctor Ba\u00f1uelos, n\u00ba 5 Huelva.<\/p>\n<h2 style=\"font-family: 'Playfair Display', serif; font-size: 1.8em; color: #27ae60; margin-top: 20px;\">6. OBJETIVOS<\/h2>\n<p style=\"margin-bottom: 20px;\">Entrenamiento y homologaciones pendientes para cinturones negros y marrones, conforme al programada oficial de la Federaci\u00f3n Espa\u00f1ola de Judo y D.A. de kyus y danes.<\/p>\n<h2 style=\"font-family: 'Playfair Display', serif; font-size: 1.8em; color: #27ae60; margin-top: 20px;\">7. INDUMENTARIA<\/h2>\n<p style=\"margin-bottom: 20px;\">Pantal\u00f3n de judo y camiseta negra.<\/p>\n<h2 style=\"font-family: 'Playfair Display', serif; font-size: 1.8em; color: #27ae60; margin-top: 20px;\">8. INSCRIPCIONES Y CUOTAS<\/h2>\n<p style=\"margin-bottom: 20px;\">Las inscripciones se realizar\u00e1n directamente a la FANJYDA por<br \/>\n&gt;&gt;&gt; <a style=\"color: #27ae60; text-decoration: none;\" href=\"https:\/\/forms.gle\/b4Tavjdc9D1fqjXy5\" target=\"_blank\" rel=\"noopener\">FORMULARIO DE INSCRIPCI\u00d3N<\/a> &lt;&lt;&lt;<\/p>\n<p style=\"margin-bottom: 20px;\">Cuota de participaci\u00f3n: 20\u20ac. Abonando en la cuenta de la Fanjyda n\u00ba ES90 2100 8726 8413 0016 9267 y especific\u00e1ndolo en el concepto AULA DE FORMACI\u00d3N DEFENSA PERSONAL HUELVA.<br \/>\nEl plazo de inscripciones finaliza el mi\u00e9rcoles 1 de noviembre de 2024.<\/p>\n<p style=\"color: #e74c3c; font-weight: bold; margin-bottom: 20px;\">PARA REALIZAR EL CURSO DEBE DE HABER AL MENOS 10 INSCRITOS.<\/p>\n<h2 style=\"font-family: 'Playfair Display', serif; font-size: 1.8em; color: #27ae60; margin-top: 20px;\">9. DOCUMENTACI\u00d3N<\/h2>\n<ul style=\"margin-bottom: 20px; padding-left: 20px;\">\n<li>Carnet de grado m\u00ednimo verde o carnet de grados cinto negro.<\/li>\n<li>Los inscritos deben estar en posesi\u00f3n de Licencia Deportiva en Vigor 2024\/2025.<\/li>\n<li>D.N.I. o pasaporte.<\/li>\n<li>Autorizaci\u00f3n Paterna para los menores de edad.<\/li>\n<\/ul>\n<h2 style=\"font-family: 'Playfair Display', serif; font-size: 1.8em; color: #27ae60; margin-top: 20px;\">10. LISTADOS<\/h2>\n<p style=\"margin-bottom: 20px;\">Los listados definitivos se publicar\u00e1n en la p\u00e1gina web (<a style=\"color: #27ae60; text-decoration: none;\" href=\"http:\/\/www.fanjyda.com\">www.fanjyda.com<\/a>) El 4 de noviembre.<\/p>\n<hr \/>\n<p><strong>ADJUNTOS<\/strong><br \/>\n<a href=\"https:\/\/www.fanjyda.es\/wp-content\/uploads\/2024\/10\/AUTORIZACION-AL-AULA-DE-FORMACION-PERMANTE-DE-KYUS-Y-DANES-EN-DEFENSA-PERSONAL-10-NOV-2024-HUELVA.rtf\">AUTORIZACION AL AULA DE FORMACI\u00d3N PERMANTE DE KYUS Y DANES EN DEFENSA PERSONAL 10 NOV 2024 HUELVA<\/a><\/p>\n<\/section>\n<\/div>\n","protected":false},"excerpt":{"rendered":"<p>AULA DE FORMACI\u00d3N PERMANENTE DE DEFENSA PERSONAL Normativa para el pase de Grado por el Sistema de Cr\u00e9ditos Formativos El departamento de Defensa Personal de la Federaci\u00f3n Andaluza de Judo, [&hellip;]<\/p>\n","protected":false},"author":1,"featured_media":5254,"template":"","meta":{"_eb_attr":"","_tribe_events_status":"","_tribe_events_status_reason":"","footnotes":""},"tags":[],"tribe_events_cat":[8,23],"class_list":["post-6840","tribe_events","type-tribe_events","status-publish","has-post-thumbnail","hentry","tribe_events_cat-defensa_personal","tribe_events_cat-efan","cat_defensa_personal","cat_efan"],"_links":{"self":[{"href":"https:\/\/www.fanjyda.es\/index.php?rest_route=\/wp\/v2\/tribe_events\/6840","targetHints":{"allow":["GET"]}}],"collection":[{"href":"https:\/\/www.fanjyda.es\/index.php?rest_route=\/wp\/v2\/tribe_events"}],"about":[{"href":"https:\/\/www.fanjyda.es\/index.php?rest_route=\/wp\/v2\/types\/tribe_events"}],"author":[{"embeddable":true,"href":"https:\/\/www.fanjyda.es\/index.php?rest_route=\/wp\/v2\/users\/1"}],"version-history":[{"count":4,"href":"https:\/\/www.fanjyda.es\/index.php?rest_route=\/wp\/v2\/tribe_events\/6840\/revisions"}],"predecessor-version":[{"id":6845,"href":"https:\/\/www.fanjyda.es\/index.php?rest_route=\/wp\/v2\/tribe_events\/6840\/revisions\/6845"}],"wp:featuredmedia":[{"embeddable":true,"href":"https:\/\/www.fanjyda.es\/index.php?rest_route=\/wp\/v2\/media\/5254"}],"wp:attachment":[{"href":"https:\/\/www.fanjyda.es\/index.php?rest_route=%2Fwp%2Fv2%2Fmedia&parent=6840"}],"wp:term":[{"taxonomy":"post_tag","embeddable":true,"href":"https:\/\/www.fanjyda.es\/index.php?rest_route=%2Fwp%2Fv2%2Ftags&post=6840"},{"taxonomy":"tribe_events_cat","embeddable":true,"href":"https:\/\/www.fanjyda.es\/index.php?rest_route=%2Fwp%2Fv2%2Ftribe_events_cat&post=6840"}],"curies":[{"name":"wp","href":"https:\/\/api.w.org\/{rel}","templated":true}]}}