{"id":6919,"date":"2024-11-12T11:25:09","date_gmt":"2024-11-12T10:25:09","guid":{"rendered":"https:\/\/fanjyda.com\/?post_type=tribe_events&#038;p=6919"},"modified":"2024-11-21T13:18:03","modified_gmt":"2024-11-21T12:18:03","slug":"6919","status":"publish","type":"tribe_events","link":"https:\/\/www.fanjyda.es\/?tribe_events=6919","title":{"rendered":"RANKING DE ANDALUCIA CADETE  Dic 2024, Mollina (M\u00e1laga)"},"content":{"rendered":"<p><!-- Contenedor principal --><\/p>\n<div style=\"width: 90%; max-width: 1200px; margin: 0 auto; padding: 20px; background-color: #fff; box-shadow: 0 2px 10px rgba(0, 0, 0, 0.1); font-family: Arial, sans-serif;\">\n<p><!-- Encabezado --><\/p>\n<header style=\"text-align: center; margin-bottom: 40px;\">\n<h1 style=\"font-family: 'Playfair Display', serif; font-size: 2.5em; color: #2c3e50; margin: 0;\">Competici\u00f3n de Judo Cadete<\/h1>\n<h2 style=\"font-family: 'Playfair Display', serif; font-size: 1.8em; color: #27ae60; margin-top: 10px;\">8 de diciembre de 2024 &#8211; Mollina, M\u00e1laga<\/h2>\n<\/header>\n<p><!-- Informaci\u00f3n de la competici\u00f3n --><\/p>\n<section style=\"margin-bottom: 40px;\">\n<h3 style=\"font-family: 'Playfair Display', serif; font-size: 1.7em; color: #27ae60; margin-top: 20px;\">1. ORGANIZA<\/h3>\n<p>Federaci\u00f3n Andaluza de Judo<br \/>\nC\/ Dorotea 4, Bajo Derecha. 11009 C\u00e1diz (Espa\u00f1a)<br \/>\nTel.: +34 956 079 891; +34 652 807 271 || Fax: +34 956 079 892<br \/>\nE-mail: <a style=\"color: #27ae60; text-decoration: none;\" href=\"mailto:administracion@fanjyda.com\">administracion@fanjyda.com<\/a><\/p>\n<h3 style=\"font-family: 'Playfair Display', serif; font-size: 1.7em; color: #27ae60; margin-top: 20px;\">2. COLABORADORES<\/h3>\n<p>Excmo. Ayuntamiento de Mollina<br \/>\nConsejer\u00eda de Educaci\u00f3n Cultura y Deporte de Junta de Andaluc\u00eda<\/p>\n<h3 style=\"font-family: 'Playfair Display', serif; font-size: 1.7em; color: #27ae60; margin-top: 20px;\">3. DIRECCI\u00d3N T\u00c9CNICA<\/h3>\n<p>Director Deportivo: Mois\u00e9s Mayi Ortiz<br \/>\nResponsable de Arbitraje: Miguel Padial Cantos<br \/>\nDelegado Provincial: Miguel \u00c1ngel Arias Campos<\/p>\n<h3 style=\"font-family: 'Playfair Display', serif; font-size: 1.7em; color: #27ae60; margin-top: 20px;\">4. FECHAS<\/h3>\n<p>8 de diciembre de 2024<\/p>\n<h3 style=\"font-family: 'Playfair Display', serif; font-size: 1.7em; color: #27ae60; margin-top: 20px;\">5. LUGAR DE LA COMPETICI\u00d3N<\/h3>\n<p>Polideportivo Municipal de Mollina<br \/>\nAlcalde Gerardo Fern\u00e1ndez Delgado, MA-5407, 29, 29532 Mollina, M\u00e1laga<\/p>\n<h3 style=\"font-family: 'Playfair Display', serif; font-size: 1.7em; color: #27ae60; margin-top: 20px;\">6. SISTEMA DE COMPETICI\u00d3N<\/h3>\n<ul style=\"margin-bottom: 20px; padding-left: 20px;\">\n<li>Categor\u00edas: Cadetes masculino y femenino.<\/li>\n<li>Edades: Nacidos en 2008, 2009 y 2010.<\/li>\n<li>Formato:\n<ul>\n<li>2 participantes: mejor de 3 combates.<\/li>\n<li>3 y 4 Participantes: liga todos contra todos.<\/li>\n<li>5 participantes: Liga cruzada (3+2), dos semifinales, final y tercer puesto.<\/li>\n<li>6 o m\u00e1s participantes: eliminatoria con repesca doble cruzada con sistema Golden Score. Los combates de bronce y final ser\u00e1n a tiempo real, (Se realizar\u00e1 previamente una repesca de consolaci\u00f3n con sistema Golden Score, para todos aquellos deportistas que hayan quedados eliminados sin repesca, los ganadores de esta repesca de consolaci\u00f3n podr\u00e1n acceder a la primera ronda de la repesca doble cruzada por la medalla de bronce. Los combates en la categor\u00eda cadete ser\u00e1n a 3 minutos, excepto el bloque de finales que ser\u00e1 a 4 minutos.<strong><br \/>\n<\/strong>Las repescas en la categor\u00eda cadete ser\u00e1n a Golden Score.<\/li>\n<\/ul>\n<\/li>\n<\/ul>\n<h3 style=\"font-family: 'Playfair Display', serif; font-size: 1.7em; color: #27ae60; margin-top: 20px;\">7. PESAJE<\/h3>\n<p>Pesajes: domingo 8 de diciembre de 09:30 a 10:30 horas.<br \/>\n<strong>Nota:<\/strong> No se permitir\u00e1n cambios de peso durante el pesaje.<\/p>\n<h3 style=\"font-family: 'Playfair Display', serif; font-size: 1.7em; color: #27ae60; margin-top: 20px;\">8. JUDOGUI<\/h3>\n<p>Judogui blanco y azul son obligatorios.<\/p>\n<h3 style=\"font-family: 'Playfair Display', serif; font-size: 1.7em; color: #27ae60; margin-top: 20px;\">9. INICIO DE LA COMPETICI\u00d3N<\/h3>\n<p>La competici\u00f3n comenzar\u00e1 a las 11:00 horas aproximadamente.<\/p>\n<h3 style=\"font-family: 'Playfair Display', serif; font-size: 1.7em; color: #27ae60; margin-top: 20px;\">10. INSCRIPCIONES<\/h3>\n<p><a href=\"https:\/\/forms.gle\/GLdQFKLh5oWXzuxV6\" target=\"_blank\" rel=\"noopener\">&gt;&gt; FORMULARIO DE INSCRIPCI\u00d3N &lt;&lt;<\/a><br \/>\nPlazo finaliza el 25 de noviembre a las 12:00 horas.<br \/>\nPublicaci\u00f3n de listados definitivos: viernes 29 de noviembre.<br \/>\nCambios de peso y bajas: hasta el 28 de noviembre a las 12:00 horas.<\/p>\n<h3 style=\"font-family: 'Playfair Display', serif; font-size: 1.7em; color: #27ae60; margin-top: 20px;\">11. DOCUMENTACI\u00d3N<\/h3>\n<ul>\n<li>Carnet de grado m\u00ednimo azul.<\/li>\n<li>Licencia federativa vigente 2024\/2025.<\/li>\n<li>DNI o pasaporte.<\/li>\n<li>Autorizaci\u00f3n paterna.<\/li>\n<\/ul>\n<h3 style=\"font-family: 'Playfair Display', serif; font-size: 1.7em; color: #27ae60; margin-top: 20px;\">12. SORTEOS<\/h3>\n<p>Finalizados los pesajes.<\/p>\n<h3 style=\"font-family: 'Playfair Display', serif; font-size: 1.7em; color: #27ae60; margin-top: 20px;\">13. NOTA IMPORTANTE<\/h3>\n<p>Los competidores deber\u00e1n notificar cualquier patolog\u00eda por escrito a la FANJYDA.<br \/>\nSe recuerda que esta actividad es puntuable para el ranking Andaluz Cadete.<\/p>\n<h3 style=\"font-family: 'Playfair Display', serif; font-size: 1.7em; color: #27ae60; margin-top: 20px;\">14. C\u00d3DIGO DE CONDUCTA PARA ENTRENADORES<\/h3>\n<p>El entrenador es responsable de la conducta de sus deportistas. Respetar las decisiones arbitrales y evitar comportamientos despectivos.<\/p>\n<p>No habr\u00e1 tres llamadas para competidores cuando uno est\u00e9 listo y el otro no. En caso de demora, se aplicar\u00e1 la regla de FUSEN GACHI.<\/p>\n<hr \/>\n<p>ADJUNTOS<br \/>\n<a href=\"https:\/\/www.fanjyda.es\/wp-content\/uploads\/2024\/11\/AUTORIZACION-RANKING-DE-ANDALUCIA-CADETE-MOLLINA-MALAGA-8-DIC-2024-003.rtf\">AUTORIZACION RANKING DE ANDALUCIA CADETE MOLLINA (M\u00c1LAGA) 8 DIC 2024 (003)<\/a><\/p>\n<\/section>\n<\/div>\n","protected":false},"excerpt":{"rendered":"<p>Competici\u00f3n de Judo Cadete 8 de diciembre de 2024 &#8211; Mollina, M\u00e1laga 1. ORGANIZA Federaci\u00f3n Andaluza de Judo C\/ Dorotea 4, Bajo Derecha. 11009 C\u00e1diz (Espa\u00f1a) Tel.: +34 956 079 [&hellip;]<\/p>\n","protected":false},"author":1,"featured_media":6915,"template":"","meta":{"_eb_attr":"","_tribe_events_status":"","_tribe_events_status_reason":"","footnotes":""},"tags":[],"tribe_events_cat":[12],"class_list":["post-6919","tribe_events","type-tribe_events","status-publish","has-post-thumbnail","hentry","tribe_events_cat-judo","cat_judo"],"_links":{"self":[{"href":"https:\/\/www.fanjyda.es\/index.php?rest_route=\/wp\/v2\/tribe_events\/6919","targetHints":{"allow":["GET"]}}],"collection":[{"href":"https:\/\/www.fanjyda.es\/index.php?rest_route=\/wp\/v2\/tribe_events"}],"about":[{"href":"https:\/\/www.fanjyda.es\/index.php?rest_route=\/wp\/v2\/types\/tribe_events"}],"author":[{"embeddable":true,"href":"https:\/\/www.fanjyda.es\/index.php?rest_route=\/wp\/v2\/users\/1"}],"version-history":[{"count":6,"href":"https:\/\/www.fanjyda.es\/index.php?rest_route=\/wp\/v2\/tribe_events\/6919\/revisions"}],"predecessor-version":[{"id":6960,"href":"https:\/\/www.fanjyda.es\/index.php?rest_route=\/wp\/v2\/tribe_events\/6919\/revisions\/6960"}],"wp:featuredmedia":[{"embeddable":true,"href":"https:\/\/www.fanjyda.es\/index.php?rest_route=\/wp\/v2\/media\/6915"}],"wp:attachment":[{"href":"https:\/\/www.fanjyda.es\/index.php?rest_route=%2Fwp%2Fv2%2Fmedia&parent=6919"}],"wp:term":[{"taxonomy":"post_tag","embeddable":true,"href":"https:\/\/www.fanjyda.es\/index.php?rest_route=%2Fwp%2Fv2%2Ftags&post=6919"},{"taxonomy":"tribe_events_cat","embeddable":true,"href":"https:\/\/www.fanjyda.es\/index.php?rest_route=%2Fwp%2Fv2%2Ftribe_events_cat&post=6919"}],"curies":[{"name":"wp","href":"https:\/\/api.w.org\/{rel}","templated":true}]}}