{"id":7549,"date":"2025-04-24T12:53:51","date_gmt":"2025-04-24T10:53:51","guid":{"rendered":"https:\/\/fanjyda.com\/?post_type=tribe_events&#038;p=7549"},"modified":"2025-05-06T21:35:53","modified_gmt":"2025-05-06T19:35:53","slug":"xiii-congreso-nacional-de-defensa-personal-ayamonte-huelva","status":"publish","type":"tribe_events","link":"https:\/\/www.fanjyda.es\/?tribe_events=xiii-congreso-nacional-de-defensa-personal-ayamonte-huelva","title":{"rendered":"XIII CONGRESO NACIONAL DE DEFENSA PERSONAL &#8211; AYAMONTE (HUELVA)"},"content":{"rendered":"<p><!-- Contenedor principal --><\/p>\n<div style=\"width: 90%; max-width: 1200px; margin: 0 auto; padding: 20px; background-color: #fff; box-shadow: 0 2px 10px rgba(0, 0, 0, 0.1); font-family: Arial, sans-serif;\">\n<h3 style=\"font-family: 'Playfair Display', serif; font-size: 1.7em; color: #27ae60; margin-top: 20px;\">1. ORGANIZA y DIRIGE EL CONGRESO<\/h3>\n<p style=\"font-size: 1.1em;\">Federaci\u00f3n Andaluza de Judo<br \/>\nAvda. Ana Viya n\u00ba 9. 11009 C\u00e1diz (Espa\u00f1a)<br \/>\nTel.: +34 956 079 891; +34 652 807 271<br \/>\nE-mail: <a style=\"color: #27ae60; text-decoration: none;\" href=\"mailto:administracion@fanjyda.com\">administracion@fanjyda.com<\/a><\/p>\n<p><strong>D. Sebasti\u00e1n Manuel Alvarado Mac\u00edas<\/strong><br \/>\nDelegado provincial y Delegado para Andaluc\u00eda de disciplinas asociadas.<\/p>\n<h3 style=\"font-family: 'Playfair Display', serif; font-size: 1.7em; color: #27ae60; margin-top: 20px;\">2. COLABORADORES<\/h3>\n<p style=\"font-size: 1.1em;\">Federaci\u00f3n Espa\u00f1ola de Judo y DDAA<br \/>\nExcmo. Ayuntamiento de Ayamonte.<\/p>\n<h3 style=\"font-family: 'Playfair Display', serif; font-size: 1.7em; color: #27ae60; margin-top: 20px;\">3. FECHAS Y HORARIOS<\/h3>\n<p style=\"font-size: 1.1em;\"><strong>Viernes, d\u00eda 6<\/strong><\/p>\n<ul style=\"font-size: 1.1em; padding-left: 20px;\">\n<li>18:30 \u2013 21:00: Presentaci\u00f3n y recepci\u00f3n de asistentes. Conferencia \u201cLEG\u00cdTIMA DEFENSA Y ARTES MARCIALES\u201d.<\/li>\n<\/ul>\n<p style=\"font-size: 1.1em; margin-top: 10px;\"><strong>S\u00e1bado, d\u00eda 7<\/strong><\/p>\n<ul style=\"font-size: 1.1em; padding-left: 20px;\">\n<li>09:30 \u2013 11:30: Ponencia pr\u00e1ctica D. Eduardo Jim\u00e9nez Blanco, 6\u00ba DAN. \u201cAPLICACI\u00d3N Y ADAPTACI\u00d3N DE T\u00c9CNICAS\u201d.<\/li>\n<li>11:30 \u2013 11:45: Descanso.<\/li>\n<li>11:45 \u2013 13:45: Ponencia pr\u00e1ctica D. \u00c1ngel Gasco Leranca, 8\u00ba Dan. \u201cAGRESI\u00d3N CON ARMAS BLANCAS\u201d.<\/li>\n<li>14:00 \u2013 16:00: Comida y descanso.<\/li>\n<li>16:00 \u2013 17:00: Nuevas normativas Escuela Federativa Nacional, D. Jos\u00e9 \u00c1ngel Hierro.<\/li>\n<li>17:00 \u2013 19:00: Ponencia pr\u00e1ctica D. Juan \u00c1ngel Orej\u00f3n Miguel, 7\u00ba Dan. \u201cCONTROLES Y T\u00c9CNICAS ANTE AGRESI\u00d3N A CORTA DISTANCIA\u201d.<\/li>\n<li>19:00 \u2013 21:00: Ponencia D. Marcos Berm\u00fadez Rom\u00e1n, 5\u00ba Dan. \u201cCONTROL Y REDUCCI\u00d3N DE PERSONAS EBRIAS\u201d.<\/li>\n<\/ul>\n<p style=\"font-size: 1.1em; margin-top: 10px;\"><strong>Domingo, d\u00eda 8<\/strong><\/p>\n<ul style=\"font-size: 1.1em; padding-left: 20px;\">\n<li>09:30 \u2013 11:30: Ponencia pr\u00e1ctica Manuel J. Mariscal Cuadrado, 2\u00ba Dan. \u201cGRAPPLING POLICIAL\u201d.<\/li>\n<li>12:00: Entrega de Diplomas y clausura del Congreso.<\/li>\n<\/ul>\n<p style=\"font-size: 0.9em; color: #e74c3c; margin-top: 5px;\">Nota: Los horarios y orden de ponencias pueden cambiar seg\u00fan la organizaci\u00f3n.<\/p>\n<h3 style=\"font-family: 'Playfair Display', serif; font-size: 1.7em; color: #27ae60; margin-top: 20px;\">4. LUGAR<\/h3>\n<p style=\"font-size: 1.1em;\">Polideportivo Municipal Deportes<br \/>\nCalle C\u00e1diz, n\u00ba 5, 21400 Ayamonte (Huelva)<\/p>\n<h3 style=\"font-family: 'Playfair Display', serif; font-size: 1.7em; color: #27ae60; margin-top: 20px;\">5. PRECIOS<\/h3>\n<ul style=\"font-size: 1.1em; padding-left: 20px;\">\n<li>Con licencia federativa en Judo, Defensa Personal, Jiu-Jitsu, Aikido, Kendo o Wu-Shu: 80\u20ac.<\/li>\n<li>FFCCSS o federados en otras artes marciales: 100\u20ac.<\/li>\n<\/ul>\n<p style=\"font-size: 1.1em;\">Abonar en la cuenta FANJYDA N\u00ba ES90 2100 8726 8413 0016 9267 y especificar en concepto:<br \/>\n\u201cXIII CONGRESO DE DEFENSA PERSONAL AYAMONTE (HUELVA) 2025 \u2013 CLUB\u201d.<\/p>\n<h3 style=\"font-family: 'Playfair Display', serif; font-size: 1.7em; color: #27ae60; margin-top: 20px;\">6. INDUMENTARIA Y MATERIALES<\/h3>\n<ul style=\"font-size: 1.1em; padding-left: 20px;\">\n<li>Judogui blanco.<\/li>\n<li>Camiseta negra para controles sin judogui.<\/li>\n<li>Armas: defensa, pistola, grilletes y cuchillo de entrenamiento.<\/li>\n<\/ul>\n<h3 style=\"font-family: 'Playfair Display', serif; font-size: 1.7em; color: #27ae60; margin-top: 20px;\">7. INSCRIPCIONES<\/h3>\n<p style=\"font-size: 1.1em;\">Directamente a la FANJYDA.\u00a0 Rellenando la <a href=\"https:\/\/www.fanjyda.es\/wp-content\/uploads\/2025\/04\/HOJA-DE-INSCRIPCION-Y-AUTORIZACION-AL-XIII-CONGRESO-NACIONAL-DE-DEFENSA-PERSONAL-del-6-al-8-de-JUN-2025.rtf\" target=\"_blank\" rel=\"noopener\">&gt;&gt; HOJA DE INSCRIPCION AL SEMINARIO &lt;&lt;<\/a> \u00a0y remiti\u00e9ndolo a administracion@fanjyda.com antes del viernes 30 de mayo de 2025.<br \/>\n* M\u00ednimo 50 participantes para celebrar el Congreso; si no se alcanza, se anula y se reembolsa.<\/p>\n<h3 style=\"font-family: 'Playfair Display', serif; font-size: 1.7em; color: #27ae60; margin-top: 20px;\">8. DOCUMENTACI\u00d3N<\/h3>\n<ul style=\"font-size: 1.1em; padding-left: 20px;\">\n<li>Carnet de grado m\u00ednimo azul o carnet de grados.<\/li>\n<li>Licencia Deportiva en vigor 2024\/2025.<\/li>\n<li>DNI o pasaporte.<\/li>\n<li>Autorizaci\u00f3n Paterna para menores.<\/li>\n<\/ul>\n<h3 style=\"font-family: 'Playfair Display', serif; font-size: 1.7em; color: #27ae60; margin-top: 20px;\">10. LISTADOS<\/h3>\n<p style=\"font-size: 1.1em;\">Los listados definitivos se publicar\u00e1n en <a style=\"color: #27ae60; text-decoration: none;\" href=\"https:\/\/www.fanjyda.com\" target=\"_blank\" rel=\"noopener\">www.fanjyda.com<\/a> el lunes 2 de junio de 2025.<\/p>\n<h3 style=\"font-family: 'Playfair Display', serif; font-size: 1.7em; color: #27ae60; margin-top: 20px;\">11. HOTELES RECOMENDADOS<\/h3>\n<p style=\"font-size: 1.1em;\"><strong>Barcel\u00f3 Isla Canela<\/strong><br \/>\nP.\u00ba de Los Gavilanes, s\/n, 21409 Isla Canela, Huelva (Tel. 959 477 124)<\/p>\n<p style=\"font-size: 1.1em;\"><strong>Vila Gale Isla Canela<\/strong><br \/>\nAv. de la Mojarra, s\/n, 21409 Ayamonte, Huelva (Tel. 959 479 5\u2026)<\/p>\n<p><strong>HOTEL DON DIEGO<\/strong>, Avda. Ramon y Cajal.\u00a0 AYAMONTE<\/p>\n<\/div>\n","protected":false},"excerpt":{"rendered":"<p>1. ORGANIZA y DIRIGE EL CONGRESO Federaci\u00f3n Andaluza de Judo Avda. Ana Viya n\u00ba 9. 11009 C\u00e1diz (Espa\u00f1a) Tel.: +34 956 079 891; +34 652 807 271 E-mail: administracion@fanjyda.com D. [&hellip;]<\/p>\n","protected":false},"author":1,"featured_media":7553,"template":"","meta":{"_eb_attr":"","_tribe_events_status":"","_tribe_events_status_reason":"","footnotes":""},"tags":[],"tribe_events_cat":[8],"class_list":["post-7549","tribe_events","type-tribe_events","status-publish","has-post-thumbnail","hentry","tribe_events_cat-defensa_personal","cat_defensa_personal"],"_links":{"self":[{"href":"https:\/\/www.fanjyda.es\/index.php?rest_route=\/wp\/v2\/tribe_events\/7549","targetHints":{"allow":["GET"]}}],"collection":[{"href":"https:\/\/www.fanjyda.es\/index.php?rest_route=\/wp\/v2\/tribe_events"}],"about":[{"href":"https:\/\/www.fanjyda.es\/index.php?rest_route=\/wp\/v2\/types\/tribe_events"}],"author":[{"embeddable":true,"href":"https:\/\/www.fanjyda.es\/index.php?rest_route=\/wp\/v2\/users\/1"}],"version-history":[{"count":3,"href":"https:\/\/www.fanjyda.es\/index.php?rest_route=\/wp\/v2\/tribe_events\/7549\/revisions"}],"predecessor-version":[{"id":7571,"href":"https:\/\/www.fanjyda.es\/index.php?rest_route=\/wp\/v2\/tribe_events\/7549\/revisions\/7571"}],"wp:featuredmedia":[{"embeddable":true,"href":"https:\/\/www.fanjyda.es\/index.php?rest_route=\/wp\/v2\/media\/7553"}],"wp:attachment":[{"href":"https:\/\/www.fanjyda.es\/index.php?rest_route=%2Fwp%2Fv2%2Fmedia&parent=7549"}],"wp:term":[{"taxonomy":"post_tag","embeddable":true,"href":"https:\/\/www.fanjyda.es\/index.php?rest_route=%2Fwp%2Fv2%2Ftags&post=7549"},{"taxonomy":"tribe_events_cat","embeddable":true,"href":"https:\/\/www.fanjyda.es\/index.php?rest_route=%2Fwp%2Fv2%2Ftribe_events_cat&post=7549"}],"curies":[{"name":"wp","href":"https:\/\/api.w.org\/{rel}","templated":true}]}}