{"id":7742,"date":"2025-08-18T11:53:04","date_gmt":"2025-08-18T09:53:04","guid":{"rendered":"https:\/\/fanjyda.com\/?post_type=tribe_events&#038;p=7742"},"modified":"2025-08-18T12:36:10","modified_gmt":"2025-08-18T10:36:10","slug":"concentracion-federativa-de-katas-24-de-agosto-de-2025-torremolinos-malaga","status":"publish","type":"tribe_events","link":"https:\/\/www.fanjyda.es\/?tribe_events=concentracion-federativa-de-katas-24-de-agosto-de-2025-torremolinos-malaga","title":{"rendered":"CONCENTRACI\u00d3N FEDERATIVA DE KATAS 24 de agosto de 2025, Torremolinos (M\u00e1laga)"},"content":{"rendered":"<div style=\"width: 90%; max-width: 1200px; margin: 0 auto; padding: 20px; background-color: #fff; box-shadow: 0 2px 10px rgba(0, 0, 0, 0.1); font-family: Arial, sans-serif;\">\n<h3 style=\"font-family: 'Playfair Display', serif; font-size: 1.7em; color: #27ae60; margin-top: 20px;\">1. ORGANIZA<\/h3>\n<p style=\"font-size: 1.1em;\">Federaci\u00f3n Andaluza de Judo<br \/>\nC\/ Dorotea 4, Bajo Derecha. 11009 C\u00e1diz (Espa\u00f1a)<br \/>\nTel.: +34 956 079 891; +34 652 807 271 || Fax: +34 956 079 892<br \/>\nE-mail: <a style=\"color: #27ae60; text-decoration: none;\" href=\"mailto:administracion@fanjyda.com\">administracion@fanjyda.com<\/a><\/p>\n<h3 style=\"font-family: 'Playfair Display', serif; font-size: 1.7em; color: #27ae60; margin-top: 20px;\">2. COLABORADORA<\/h3>\n<p style=\"font-size: 1.1em;\">Consejer\u00eda de Educaci\u00f3n Cultura y Deporte de Junta de Andaluc\u00eda.<br \/>\nExcmo. Ayuntamiento de Torremolinos.<\/p>\n<h3 style=\"font-family: 'Playfair Display', serif; font-size: 1.7em; color: #27ae60; margin-top: 20px;\">3. DIRECCI\u00d3N T\u00c9CNICA<\/h3>\n<p style=\"font-size: 1.1em;\">Comit\u00e9 de Katas.<br \/>\nAntonio de la Llave Soria.<br \/>\nFrancisco Mart\u00edn M\u00e1rquez.<br \/>\nJuan Jos\u00e9 Cortes Molina.<\/p>\n<h3 style=\"font-family: 'Playfair Display', serif; font-size: 1.7em; color: #27ae60; margin-top: 20px;\">4. FECHA<\/h3>\n<p style=\"font-size: 1.1em;\">24 de agosto de 2025<\/p>\n<h3 style=\"font-family: 'Playfair Display', serif; font-size: 1.7em; color: #27ae60; margin-top: 20px;\">5. LUGAR<\/h3>\n<p style=\"font-size: 1.1em;\">Palacio San Miguel de Torremolinos (M\u00e1laga)<br \/>\nDirecci\u00f3n: C. Pedro Navarro Bruna, 6, 29620<\/p>\n<h3 style=\"font-family: 'Playfair Display', serif; font-size: 1.7em; color: #27ae60; margin-top: 20px;\">6. CONCENTRACI\u00d3N DE LAS KATAS<\/h3>\n<ul style=\"font-size: 1.1em; padding-left: 20px;\">\n<li>Nage no Kata.<\/li>\n<li>Katame no kata.<\/li>\n<li>Kime no Kata.<\/li>\n<li>Ju no kata.<\/li>\n<\/ul>\n<h3 style=\"font-family: 'Playfair Display', serif; font-size: 1.7em; color: #27ae60; margin-top: 20px;\">7. JUDOGI<\/h3>\n<p style=\"font-size: 1.1em;\">Judogi de color BLANCO tanto para TORI como para UKE, con las medidas reglamentarias y sin dorsales. Las mujeres deber\u00e1n llevar camiseta de color BLANCO, ambas prendas como las exigidas en la competici\u00f3n oficial de judo.<\/p>\n<h3 style=\"font-family: 'Playfair Display', serif; font-size: 1.7em; color: #27ae60; margin-top: 20px;\">8. HORARIOS<\/h3>\n<p style=\"font-size: 1.1em;\">Entrenamiento de 10,00 a 13,00 horas.<\/p>\n<h3 style=\"font-family: 'Playfair Display', serif; font-size: 1.7em; color: #27ae60; margin-top: 20px;\">9. INSCRIPCIONES<\/h3>\n<p style=\"font-size: 1.1em;\">Destinado a deportistas <strong>EXCLUSIVAMENTE<\/strong> que compiten en campeonatos de Katas. Podr\u00e1n participar jueces que deseen practicar los criterios de valoraci\u00f3n. Todo participante que no est\u00e9 inscrito no podr\u00e1 participar. Las inscripciones se realizar\u00e1n directamente ONLINE (Antes de las 12.00 horas del jueves 21 de agosto de 2025). Todos los participantes estar\u00e1n en la p\u00e1gina web de la FANJYDA el viernes 22 de agosto.<\/p>\n<p style=\"font-size: 1.1em;\"><a style=\"color: #27ae60; text-decoration: none; font-weight: bold;\" href=\"https:\/\/forms.gle\/MY69xHQbv5rnhJ256\" target=\"_blank\" rel=\"noopener\">&gt;&gt; FORMULARIO DE INSCRIPCI\u00d3N &lt;&lt;<\/a><\/p>\n<h3 style=\"font-family: 'Playfair Display', serif; font-size: 1.7em; color: #27ae60; margin-top: 20px;\">10. SI ERES JUEZ DE KATAS Y QUIERES ESTAR EN LA CONCENTRACION INSCRIBITE AQUI<\/h3>\n<p><a style=\"color: #27ae60; text-decoration: none; font-weight: bold;\" href=\"https:\/\/forms.gle\/fBE9dv7c31YkakkSA\" target=\"_blank\" rel=\"noopener\">&gt;&gt; ACCESO PARA JUECES DE KATAS &lt;&lt;<\/a><\/p>\n<h3 style=\"font-family: 'Playfair Display', serif; font-size: 1.7em; color: #27ae60; margin-top: 20px;\">11. DOCUMENTACI\u00d3N<\/h3>\n<ul style=\"font-size: 1.1em; padding-left: 20px;\">\n<li>Carnet de grados.<\/li>\n<li>Los inscritos deben estar en posesi\u00f3n de Licencia Deportiva en Vigor 2024\/2025.<\/li>\n<li>Autorizaci\u00f3n Paterna para los menores de edad.<\/li>\n<\/ul>\n<h3 style=\"font-family: 'Playfair Display', serif; font-size: 1.7em; color: #27ae60; margin-top: 20px;\">\u00a0ADJUNTOS<\/h3>\n<p><a href=\"https:\/\/www.fanjyda.es\/wp-content\/uploads\/2025\/08\/AUTORIZACION-A-LA-CONCENTRACION-FEDERATIVA-DE-KATAS-24-AGO-2025-TORREMOLINOS-MALAGA.doc\" target=\"_blank\" rel=\"noopener\">AUTORIZACION A LA CONCENTRACI\u00d3N FEDERATIVA DE KATAS 24 AGO 2025 TORREMOLINOS ( M\u00c1LAGA)<\/a><\/p>\n<\/div>\n","protected":false},"excerpt":{"rendered":"<p>1. ORGANIZA Federaci\u00f3n Andaluza de Judo C\/ Dorotea 4, Bajo Derecha. 11009 C\u00e1diz (Espa\u00f1a) Tel.: +34 956 079 891; +34 652 807 271 || Fax: +34 956 079 892 E-mail: [&hellip;]<\/p>\n","protected":false},"author":1,"featured_media":5254,"template":"","meta":{"_eb_attr":"","_tribe_events_status":"","_tribe_events_status_reason":"","footnotes":""},"tags":[],"tribe_events_cat":[12],"class_list":["post-7742","tribe_events","type-tribe_events","status-publish","has-post-thumbnail","hentry","tribe_events_cat-judo","cat_judo"],"_links":{"self":[{"href":"https:\/\/www.fanjyda.es\/index.php?rest_route=\/wp\/v2\/tribe_events\/7742","targetHints":{"allow":["GET"]}}],"collection":[{"href":"https:\/\/www.fanjyda.es\/index.php?rest_route=\/wp\/v2\/tribe_events"}],"about":[{"href":"https:\/\/www.fanjyda.es\/index.php?rest_route=\/wp\/v2\/types\/tribe_events"}],"author":[{"embeddable":true,"href":"https:\/\/www.fanjyda.es\/index.php?rest_route=\/wp\/v2\/users\/1"}],"version-history":[{"count":6,"href":"https:\/\/www.fanjyda.es\/index.php?rest_route=\/wp\/v2\/tribe_events\/7742\/revisions"}],"predecessor-version":[{"id":7749,"href":"https:\/\/www.fanjyda.es\/index.php?rest_route=\/wp\/v2\/tribe_events\/7742\/revisions\/7749"}],"wp:featuredmedia":[{"embeddable":true,"href":"https:\/\/www.fanjyda.es\/index.php?rest_route=\/wp\/v2\/media\/5254"}],"wp:attachment":[{"href":"https:\/\/www.fanjyda.es\/index.php?rest_route=%2Fwp%2Fv2%2Fmedia&parent=7742"}],"wp:term":[{"taxonomy":"post_tag","embeddable":true,"href":"https:\/\/www.fanjyda.es\/index.php?rest_route=%2Fwp%2Fv2%2Ftags&post=7742"},{"taxonomy":"tribe_events_cat","embeddable":true,"href":"https:\/\/www.fanjyda.es\/index.php?rest_route=%2Fwp%2Fv2%2Ftribe_events_cat&post=7742"}],"curies":[{"name":"wp","href":"https:\/\/api.w.org\/{rel}","templated":true}]}}