{"id":9052,"date":"2026-03-06T08:15:19","date_gmt":"2026-03-06T07:15:19","guid":{"rendered":"https:\/\/fanjyda.com\/?post_type=tribe_events&#038;p=9052"},"modified":"2026-03-06T08:16:22","modified_gmt":"2026-03-06T07:16:22","slug":"expedicion-supercopa-de-espana-junior-de-tomelloso-10-y-11-abr-2026-tomelloso-ciudad-real","status":"publish","type":"tribe_events","link":"https:\/\/www.fanjyda.es\/?tribe_events=expedicion-supercopa-de-espana-junior-de-tomelloso-10-y-11-abr-2026-tomelloso-ciudad-real","title":{"rendered":"EXPEDICI\u00d3N SUPERCOPA DE ESPA\u00d1A JUNIOR DE TOMELLOSO, 10 Y 11 ABR 2026, TOMELLOSO (CIUDAD REAL)"},"content":{"rendered":"<div style=\"width: 95%; max-width: 1200px; margin: 0 auto; padding: 30px; background-color: #ffffff; box-shadow: 0 4px 15px rgba(0, 0, 0, 0.1); font-family: 'Segoe UI', Arial, sans-serif; color: #333; border-top: 5px solid #27ae60;\">\n<h3 style=\"color: #27ae60; text-align: center; text-transform: uppercase; font-family: 'Playfair Display', serif; font-size: 1.8em; margin-bottom: 5px;\">Supercopa de Espa\u00f1a Junior &#8211; Tomelloso<\/h3>\n<p style=\"text-align: center; font-weight: bold; text-transform: uppercase; color: #555; margin-top: 0;\">Convocatoria Oficial FANJYDA<\/p>\n<div style=\"display: flex; flex-wrap: wrap; gap: 20px; margin-top: 30px;\">\n<div style=\"flex: 1; min-width: 280px; border: 1px solid #27ae60; background-color: #e8f8f5; padding: 20px;\">\n<h4 style=\"color: #27ae60; border-bottom: 2px solid #eee; padding-bottom: 5px; text-transform: uppercase; margin-top: 0;\">1. Organiza<\/h4>\n<p><strong>Federaci\u00f3n Andaluza de Judo<\/strong><br \/>\nC\/ Ra\u00fal Calvo 4, Bajo Derecha. 11009 C\u00e1diz (Espa\u00f1a)<br \/>\n<strong>Tel:<\/strong> +34 956 079 891 \/ +34 652 807 271<br \/>\n<strong>E-mail:<\/strong> <a style=\"color: #27ae60; text-decoration: none;\" href=\"mailto:administracion@fanjyda.com\">administracion@fanjyda.com<\/a><\/p>\n<\/div>\n<div style=\"flex: 1; min-width: 280px; border: 1px solid #27ae60; background-color: #e8f8f5; padding: 20px;\">\n<h4 style=\"color: #27ae60; border-bottom: 2px solid #eee; padding-bottom: 5px; text-transform: uppercase; margin-top: 0;\">3. Direcci\u00f3n T\u00e9cnica<\/h4>\n<p>Comit\u00e9 de entrenadores.<\/p>\n<h4 style=\"color: #27ae60; border-bottom: 2px solid #eee; padding-bottom: 5px; text-transform: uppercase; margin-top: 15px;\">4. Fechas<\/h4>\n<p><strong>10 y 11 de abril de 2026<\/strong><\/p>\n<\/div>\n<\/div>\n<div style=\"margin-top: 30px;\">\n<h4 style=\"color: #27ae60; border-bottom: 2px solid #eee; padding-bottom: 5px; text-transform: uppercase;\">5. Lugar de la Competici\u00f3n<\/h4>\n<p>Pabell\u00f3n Ciudad Deportiva de Tomelloso, Avd. Niort s\/n 13700 Tomelloso.<\/p>\n<\/div>\n<div style=\"margin-top: 30px;\">\n<h4 style=\"color: #27ae60; border-bottom: 2px solid #eee; padding-bottom: 5px; text-transform: uppercase;\">6. Precio y Becas<\/h4>\n<p><strong>Precio del paquete: 130 \u20ac por persona<\/strong> (V\u00e1lido para las 50 primeras inscripciones abonadas).<\/p>\n<ul style=\"line-height: 1.6;\">\n<li>Transporte en autob\u00fas (ida y vuelta) desde C\u00e1diz, Sevilla, C\u00f3rdoba y Guarom\u00e1n.<\/li>\n<li>Alojamiento y cena del viernes 10 de abril; desayuno del s\u00e1bado 11 de abril.<\/li>\n<\/ul>\n<p style=\"font-weight: bold; color: #27ae60;\">Estructura de Becas (Medallistas Cto. Espa\u00f1a Junior):<\/p>\n<table style=\"width: 100%; border-collapse: collapse; text-align: center; margin-bottom: 20px;\">\n<thead>\n<tr style=\"background-color: #333; color: white;\">\n<th style=\"padding: 10px; border: 1px solid #ddd;\"><span style=\"color: #ffffff;\">Medalla<\/span><\/th>\n<th style=\"padding: 10px; border: 1px solid #ddd;\"><span style=\"color: #ffffff;\">Beca<\/span><\/th>\n<\/tr>\n<\/thead>\n<tbody>\n<tr style=\"background-color: #f9f9f9;\">\n<td style=\"padding: 10px; border: 1px solid #ddd;\">Oro<\/td>\n<td style=\"padding: 10px; border: 1px solid #ddd;\">100 %<\/td>\n<\/tr>\n<tr>\n<td style=\"padding: 10px; border: 1px solid #ddd;\">Plata<\/td>\n<td style=\"padding: 10px; border: 1px solid #ddd;\">50 %<\/td>\n<\/tr>\n<tr style=\"background-color: #f9f9f9;\">\n<td style=\"padding: 10px; border: 1px solid #ddd;\">Bronce<\/td>\n<td style=\"padding: 10px; border: 1px solid #ddd;\">25 %<\/td>\n<\/tr>\n<\/tbody>\n<\/table>\n<h4 style=\"color: #27ae60; border-bottom: 2px solid #eee; padding-bottom: 5px; text-transform: uppercase;\">Becado de la Expedici\u00f3n<\/h4>\n<table style=\"width: 100%; border-collapse: collapse; text-align: center;\">\n<thead>\n<tr style=\"background-color: #333; color: white;\">\n<th style=\"padding: 10px; border: 1px solid #ddd;\"><span style=\"color: #ffffff;\">Deportista<\/span><\/th>\n<th style=\"padding: 10px; border: 1px solid #ddd;\"><span style=\"color: #ffffff;\">Categor\u00eda \/ Club<\/span><\/th>\n<th style=\"padding: 10px; border: 1px solid #ddd;\"><span style=\"color: #ffffff;\">Beca<\/span><\/th>\n<th style=\"padding: 10px; border: 1px solid #ddd;\"><span style=\"color: #ffffff;\">Coste Final<\/span><\/th>\n<\/tr>\n<\/thead>\n<tbody>\n<tr style=\"background-color: #f9f9f9;\">\n<td style=\"padding: 10px; border: 1px solid #ddd;\">Carlos Karim Romero Nakhil<\/td>\n<td style=\"padding: 10px; border: 1px solid #ddd;\">\u201390 kg (Judo Rodr\u00edguez)<\/td>\n<td style=\"padding: 10px; border: 1px solid #ddd;\">50 % (65 \u20ac)<\/td>\n<td style=\"padding: 10px; border: 1px solid #ddd; font-weight: bold;\">65 \u20ac<\/td>\n<\/tr>\n<\/tbody>\n<\/table>\n<\/div>\n<div style=\"margin-top: 30px; display: flex; flex-wrap: wrap; gap: 20px;\">\n<div style=\"flex: 1; min-width: 250px;\">\n<h4 style=\"color: #27ae60; border-bottom: 2px solid #eee; padding-bottom: 5px; text-transform: uppercase;\">7. Judogui<\/h4>\n<p>Judogui blanco o azul.<\/p>\n<\/div>\n<div style=\"flex: 1; min-width: 250px;\">\n<h4 style=\"color: #27ae60; border-bottom: 2px solid #eee; padding-bottom: 5px; text-transform: uppercase;\">8. Horarios y Viaje<\/h4>\n<p>Se publicar\u00e1 una vez colgada la circular de la competici\u00f3n.<\/p>\n<\/div>\n<\/div>\n<div style=\"margin-top: 30px; border: 1px solid #27ae60; background-color: #e8f8f5; padding: 20px;\">\n<h4 style=\"color: #27ae60; border-bottom: 2px solid #eee; padding-bottom: 5px; text-transform: uppercase; margin-top: 0;\">9. Inscripciones y Pago<\/h4>\n<p>Las inscripciones se realizaran a trav\u00e9s de la plataforma\u00a0<a href=\"http:\/\/federados.fanjyda.com\">Federados<\/a><\/p>\n<p style=\"font-family: monospace; font-size: 1.1em; background: #fff; padding: 10px; border-radius: 4px; border: 1px solid #ccc;\">CAIXABANK: <strong>ES90 2100 8726 8413 0016 9267<\/strong><\/p>\n<p style=\"color: #c0392b; font-weight: bold;\">FECHA L\u00cdMITE: Lunes 23 de marzo a las 12:00 horas.<\/p>\n<p style=\"font-size: 0.9em; font-style: italic;\">* Una vez realizado el ingreso no se devuelve bajo ning\u00fan concepto.<\/p>\n<\/div>\n<div style=\"margin-top: 30px;\">\n<h4 style=\"color: #27ae60; border-bottom: 2px solid #eee; padding-bottom: 5px; text-transform: uppercase;\">10. Documentaci\u00f3n<\/h4>\n<ul style=\"line-height: 1.6;\">\n<li>Carnet de grados.<\/li>\n<li>Licencia Deportiva en Vigor 2025\/2026.<\/li>\n<li>Autorizaci\u00f3n paterna.<\/li>\n<\/ul>\n<\/div>\n<div style=\"margin-top: 30px; border: 2px solid #c0392b; background-color: #fff5f5; color: #c0392b; padding: 20px;\">\n<h4 style=\"color: #c0392b; border-bottom: 2px solid #f5c6cb; padding-bottom: 5px; text-transform: uppercase; margin-top: 0;\">\u26a0\ufe0f 11. Notas Importantes<\/h4>\n<ul style=\"line-height: 1.6; margin-bottom: 0;\">\n<li>Los entrenadores deben inscribir a sus deportistas y realizar el pago de participaci\u00f3n en la web de la <strong>Federaci\u00f3n de Castilla la Mancha de Judo<\/strong>.<\/li>\n<li>La FANJYDA se reserva el derecho de suspender la expedici\u00f3n si no se alcanza el m\u00ednimo de inscripciones.<\/li>\n<li><strong>Lesiones o enfermedades:<\/strong> No se consideran motivos v\u00e1lidos para cancelaci\u00f3n. Se permite el cambio de un deportista por otro.<\/li>\n<li>Cualquier da\u00f1o en el hotel o pabell\u00f3n ser\u00e1 responsabilidad del club correspondiente.<\/li>\n<\/ul>\n<\/div>\n<p style=\"font-weight: bold; margin-top: 40px;\">Saludos cordiales, Direcci\u00f3n T\u00e9cnica de la FANJYDA.<\/p>\n<\/div>\n","protected":false},"excerpt":{"rendered":"<p>Supercopa de Espa\u00f1a Junior &#8211; Tomelloso Convocatoria Oficial FANJYDA 1. Organiza Federaci\u00f3n Andaluza de Judo C\/ Ra\u00fal Calvo 4, Bajo Derecha. 11009 C\u00e1diz (Espa\u00f1a) Tel: +34 956 079 891 \/ [&hellip;]<\/p>\n","protected":false},"author":1,"featured_media":2615,"template":"","meta":{"_eb_attr":"","_tribe_events_status":"","_tribe_events_status_reason":"","footnotes":""},"tags":[],"tribe_events_cat":[12],"class_list":["post-9052","tribe_events","type-tribe_events","status-publish","has-post-thumbnail","hentry","tribe_events_cat-judo","cat_judo"],"_links":{"self":[{"href":"https:\/\/www.fanjyda.es\/index.php?rest_route=\/wp\/v2\/tribe_events\/9052","targetHints":{"allow":["GET"]}}],"collection":[{"href":"https:\/\/www.fanjyda.es\/index.php?rest_route=\/wp\/v2\/tribe_events"}],"about":[{"href":"https:\/\/www.fanjyda.es\/index.php?rest_route=\/wp\/v2\/types\/tribe_events"}],"author":[{"embeddable":true,"href":"https:\/\/www.fanjyda.es\/index.php?rest_route=\/wp\/v2\/users\/1"}],"version-history":[{"count":2,"href":"https:\/\/www.fanjyda.es\/index.php?rest_route=\/wp\/v2\/tribe_events\/9052\/revisions"}],"predecessor-version":[{"id":9054,"href":"https:\/\/www.fanjyda.es\/index.php?rest_route=\/wp\/v2\/tribe_events\/9052\/revisions\/9054"}],"wp:featuredmedia":[{"embeddable":true,"href":"https:\/\/www.fanjyda.es\/index.php?rest_route=\/wp\/v2\/media\/2615"}],"wp:attachment":[{"href":"https:\/\/www.fanjyda.es\/index.php?rest_route=%2Fwp%2Fv2%2Fmedia&parent=9052"}],"wp:term":[{"taxonomy":"post_tag","embeddable":true,"href":"https:\/\/www.fanjyda.es\/index.php?rest_route=%2Fwp%2Fv2%2Ftags&post=9052"},{"taxonomy":"tribe_events_cat","embeddable":true,"href":"https:\/\/www.fanjyda.es\/index.php?rest_route=%2Fwp%2Fv2%2Ftribe_events_cat&post=9052"}],"curies":[{"name":"wp","href":"https:\/\/api.w.org\/{rel}","templated":true}]}}